{"id":1508,"date":"2025-12-05T15:49:24","date_gmt":"2025-12-05T18:49:24","guid":{"rendered":"https:\/\/eventos.uenp.edu.br\/joresp\/?page_id=1508"},"modified":"2026-09-04T14:53:04","modified_gmt":"2026-09-04T17:53:04","slug":"2026-2","status":"publish","type":"page","link":"https:\/\/eventos.uenp.edu.br\/joresp\/vii-edicao\/programacao\/2026-2\/","title":{"rendered":"2026"},"content":{"rendered":"<p><strong>PROGRAMA\u00c7\u00c3O VIII JORESP E III CESC \u2013 UENP \u2013 CJ<\/strong><\/p>\n<p>\u00a0<\/p>\n<p><strong>Dia 11 de Setembro (Sexta-feira)<\/strong><\/p>\n<p><strong><em>MANH\u00c3<\/em><\/strong><\/p>\n<p><strong>APRESENTA\u00c7\u00c3O E EXPOSI\u00c7\u00c3O DE P\u00d4STERES \u2013 GRUPO PI<\/strong><\/p>\n<p>Local: P\u00e1tio do PDE \u2013 Programa de Desenvolvimento Educacional \u2013 CJ\/UENP<\/p>\n<p>Hor\u00e1rio: 8h \u00e0s 12h<\/p>\n<p>Banca examinadora da Apresenta\u00e7\u00e3o dos Trabalhos<\/p>\n<p><em>Ser\u00e1 divulgada por edital<\/em><\/p>\n<p>\u00a0<\/p>\n<p><strong>COMUNICA\u00c7\u00d5ES ORAIS\/OFICINAS \u2013 GRUPO PI<\/strong><\/p>\n<p>Local: PDE \u2013 Programa de Desenvolvimento Educacional \u2013 CJ\/UENP<\/p>\n<p>Hor\u00e1rio: 10h \u00e0s 12h<\/p>\n<p>Banca examinadora da Apresenta\u00e7\u00e3o dos Trabalhos<\/p>\n<p><em>Ser\u00e1 divulgada por edital<\/em><\/p>\n<p>\u00a0<\/p>\n<p><strong><em>TARDE<\/em><\/strong><\/p>\n<p><strong>CREDENCIAMENTO<\/strong><\/p>\n<p>Local: CAT \u2013 Conjunto Amadores de Teatro<\/p>\n<p>Hor\u00e1rio: 14h \u00e0s 18h<\/p>\n<p>\u00a0<\/p>\n<p><strong><em>NOITE<\/em><\/strong><\/p>\n<p><strong>APRESENTA\u00c7\u00c3O CULTURAL DE RECEP\u00c7\u00c3O<\/strong><\/p>\n<p>Local: CAT \u2013 Conjunto Amadores de Teatro<\/p>\n<p>Hor\u00e1rio: 19h<\/p>\n<p>Piano (digital) &#8211; Recep\u00e7\u00e3o da plateia<\/p>\n<p>Repert\u00f3rio: M\u00fasicas populares com a tem\u00e1tica LGBTQIAPN+<\/p>\n<p>Nome da apresenta\u00e7\u00e3o: <strong>O nosso amor<\/strong><\/p>\n<p>M\u00fasico: Lucas Marin (Musicista e Estudante do Curso de Ci\u00eancias Biol\u00f3gicas)<\/p>\n<p>\u00a0<\/p>\n<p><strong>CERIM\u00d4NIA DE ABERTURA<\/strong><\/p>\n<p>Local: CAT \u2013 Conjunto Amadores de Teatro<\/p>\n<p>Hor\u00e1rio: 19h30h<\/p>\n<p>\u00a0<\/p>\n<p><strong>APRESENTA\u00c7\u00c3O DE DAN\u00c7A<\/strong><\/p>\n<p>Local: CAT \u2013 Conjunto Amadores de Teatro<\/p>\n<p>Hor\u00e1rio: 20h<\/p>\n<p>Coreografia: <strong>A Arte de Existir e o close como Resist\u00eancia.<\/strong> Um espet\u00e1culo-manifesto que celebra a pot\u00eancia dos corpos LGBTQIAPN+ atrav\u00e9s da dan\u00e7a, da performance e da liberdade de existir sem pedir permiss\u00e3o.<\/p>\n<p>Dire\u00e7\u00e3o e Core\u00f3grafo: Eder de Brito<\/p>\n<p>Dan\u00e7arinos: Fabio dos Santos, Darlann Miranda, Bruno Oliveira H\u00fcbner, Leo Schultz, Mica Santos e Ederval de Brito.<\/p>\n<p>\u00a0<\/p>\n<p><strong>CONFER\u00caNCIA DE ABERTURA<\/strong><\/p>\n<p>Local: CAT \u2013 Conjunto Amadores de Teatro<\/p>\n<p>Hor\u00e1rio: 20h30min<\/p>\n<p>Tema: <strong>Para Al\u00e9m da Sobreviv\u00eancia: Di\u00e1logos Interdisciplinares sobre Sa\u00fade Integral das Mulheres e da Popula\u00e7\u00e3o LGBTQIAPN+ e a Import\u00e2ncia do SUS e dos Direitos Sexuais e Reprodutivos.<\/strong><\/p>\n<p>Mesa redonda: Dr. J\u00falio Am\u00e9rico Batatinha<\/p>\n<p>Sr. Eduardo Quirino (19\u00aa Regional de Sa\u00fade)<\/p>\n<p>Sra. Marcelli Victoria Godoi (Assistente de Coordena\u00e7\u00e3o da Ong N\u00fabia Rafaella)<\/p>\n<p>Porf. Mdo Bruno C\u00e2mara (UNESP-SP)<\/p>\n<p>Mediador: Prof. Dr. Mateus Luiz Biancon (UENP)<\/p>\n<p>\u00a0<\/p>\n<p><strong>Dia 13 de Setembro (Domingo)<\/strong><\/p>\n<p><strong><em>TARDE\/NOITE<\/em><\/strong><\/p>\n<p><strong>OITAVA MARCHA CULTURAL DA DIVERSIDADE DE JACAREZINHO<\/strong><\/p>\n<p>Local: Centro de Ci\u00eancias Humanas e da Educa\u00e7\u00e3o e Centro de Letras, Artes e Comunica\u00e7\u00e3o do Campus Jacarezinho da UENP.<\/p>\n<p>Hor\u00e1rio: 14h \u00e0s 22h<\/p>\n<p>Tema: <em>Orgulho, Mem\u00f3ria e Resist\u00eancia<\/em><\/p>\n<p>\u00a0<\/p>\n<p><strong>Dia 14 de Setembro (Segunda-feira)<\/strong><\/p>\n<p><strong><em>MANH\u00c3\/TARDE<\/em><\/strong><\/p>\n<p><strong>COMUNICA\u00c7\u00d5ES ORAIS\/OFICINAS \u2013 GRUPO O<\/strong><\/p>\n<p>On-line: O endere\u00e7o eletr\u00f4nico ser\u00e1 disponibilizado por edital<\/p>\n<p>Hor\u00e1rio: 8h \u00e0s 12h \/ 14h \u00e0s 18h<\/p>\n<p>Banca examinadora da Apresenta\u00e7\u00e3o dos Trabalhos<\/p>\n<p><em>Ser\u00e1 divulgada por edital<\/em><\/p>\n<p>\u00a0<\/p>\n<p><strong>APRESENTA\u00c7\u00c3O E EXPOSI\u00c7\u00c3O DE P\u00d4STERES \u2013 GRUPO PII<\/strong><\/p>\n<p>Local: P\u00e1tio do PDE \u2013 Programa de Desenvolvimento Educacional \u2013 CJ\/UENP<\/p>\n<p>Hor\u00e1rio: 14h<\/p>\n<p>Banca examinadora da Apresenta\u00e7\u00e3o dos Trabalhos<\/p>\n<p><em>Ser\u00e1 divulgada por edital<\/em><\/p>\n<p>\u00a0<\/p>\n<p><strong><em>NOITE<\/em><\/strong><\/p>\n<p><strong>APRESENTA\u00c7\u00c3O DE LIP SYNC<\/strong><\/p>\n<p>Local: PDE \u2013 Programa de Desenvolvimento Educacional \u2013 CJ\/UENP<\/p>\n<p>Hor\u00e1rio: 19h30min.<\/p>\n<p>Apresenta\u00e7\u00e3o Lip Sync &#8211; M\u00fasica: \u201cTodxs Putxs &#8211; Ekena\u201d<\/p>\n<p>Nome da apresenta\u00e7\u00e3o: <strong>Performance Ahga Queen.<\/strong><\/p>\n<p>Core\u00f3grafo e Int\u00e9rprete Criador: Thiago Donizete \u2013 Estudante de Ci\u00eancias Biol\u00f3gicas<\/p>\n<p>\u00a0<\/p>\n<p><strong>MESA REDONDA<\/strong><\/p>\n<p>Local: PDE \u2013 Programa de Desenvolvimento Educacional \u2013 CJ\/UENP<\/p>\n<p>Hor\u00e1rio: 20h<\/p>\n<p>Tema: <strong>Corpos que dizem n\u00e3o: viol\u00eancia de g\u00eanero e feminic\u00eddio, masculinidade t\u00f3xica e os limites do consentimento<\/strong><\/p>\n<p>Profa. Dra. Maria Cristina Cavalleiro (UENP)<\/p>\n<p>Prof. Dr. Victor Hugo de Almeida (UNESP-SP)<\/p>\n<p>Senhoras Miriam Regina Marques de S\u00e1 e Amanda Nogueira Rosa (M\u00e3es pela Diversidade \u2013 SAP)<\/p>\n<p>Mediador: Profa. Dra. Ana Claudia Marochi (UENP)<\/p>\n<p>\u00a0<\/p>\n<p><strong>Dia 15 de setembro (Ter\u00e7a-feira)<\/strong><\/p>\n<p><strong><em>MANH\u00c3\/TARDE<\/em><\/strong><\/p>\n<p><strong>PREMIA\u00c7\u00c3O DOS TRABALHOS<\/strong><\/p>\n<p><strong>APRESENTA\u00c7\u00c3O DAS OFICINAS<\/strong><\/p>\n<p><strong>AVALIA\u00c7\u00c3O DO EVENTO<\/strong><\/p>\n<p>Local: PDE \u2013 Programa de Desenvolvimento Educacional \u2013 CJ\/UENP<\/p>\n<p>Hor\u00e1rio: 8h \u00e0s 12h \/ 14h \u00e0s 18h.<\/p>\n<p><em>Ser\u00e1 divulgada por edital<\/em><\/p>\n<p>\u00a0<\/p>\n<p><strong><em>NOITE<\/em><\/strong><\/p>\n<p><strong>CERIM\u00d4NIA DE ENCERRAMENTO DA JORESP\/CESC E ABERTURA OFICIAL DA XXXIV SEMANA EDUCACIONAL<\/strong><\/p>\n<p>Local: PDE \u2013 Programa de Desenvolvimento Educacional \u2013 CJ\/UENP<\/p>\n<p>Hor\u00e1rio: 19h30min.<\/p>\n<p>\u00a0<\/p>\n<p><strong>APRESENTA\u00c7\u00c3O DE DAN\u00c7A<\/strong><\/p>\n<p>Local: PDE \u2013 Programa de Desenvolvimento Educacional \u2013 CJ\/UENP<\/p>\n<p>Hor\u00e1rio: 20h<\/p>\n<p>Coreografia: <strong>Ocupar e Amar<\/strong><\/p>\n<p>Core\u00f3grafo: Murilo Machado Duarte \u2013 Bailarino e core\u00f3grafo e Estudante de Fisioterapia UENP<\/p>\n<p>Int\u00e9rprete criador: Murilo Machado Duarte<\/p>\n<p>\u00a0<\/p>\n<p><strong>MESA REDONDA<\/strong><\/p>\n<p>Local: PDE \u2013 Programa de Desenvolvimento Educacional \u2013 CJ\/UENP<\/p>\n<p>Hor\u00e1rio: 20h15min.<\/p>\n<p>Tema: <strong>Entre o Tabu e a Tela: Pensamento Cr\u00edtico no Enfrentamento \u00e0 Erotiza\u00e7\u00e3o, Viol\u00eancia e Desinforma\u00e7\u00e3o sobre G\u00eanero e Sexualidade no Ambiente Virtual.<\/strong><\/p>\n<p>Profa. Dra. Andreza Marquez de Castro Le\u00e3o (UNESP)<\/p>\n<p>Profa. Dra. Lygia Lumina Pupatto (Assessora Especial no Minist\u00e9rio das Mulheres)<\/p>\n<p>Prof. Dr. Luiz Geraldo do Carmos Gomes (UEM)<\/p>\n<p>Dr. Luan Antunes (Instituto Brasileiro de Direito das Fam\u00edlias)<\/p>\n<p>Mediadora: Profa. Dra. Geisa Orlandini Cabiceira Garrido (UENP)<\/p>\n<p>\u00a0<\/p>\n<p><strong>APRESENTA\u00c7\u00c3O CULTURAL DE ENCERRAMENTO<\/strong><\/p>\n<p>Local: Audit\u00f3rio do PDE \u2013 Programa de Desenvolvimento Educacional \u2013 CJ\/UENP<\/p>\n<p>Hor\u00e1rio: 22h<\/p>\n<p>Escola de Samba Acad\u00eamicos Capiau<\/p>\n<p>Nome da apresenta\u00e7\u00e3o: <strong>\u201cCapoeirinha, Jos\u00e9 Pereira da Paz faz de si, com maestria, uma lenda acima das nossas\u201d<\/strong><\/p>\n","protected":false},"excerpt":{"rendered":"<p>PROGRAMA\u00c7\u00c3O VIII JORESP E III CESC \u2013 UENP \u2013 CJ \u00a0 Dia 11 de Setembro (Sexta-feira) MANH\u00c3 APRESENTA\u00c7\u00c3O E EXPOSI\u00c7\u00c3O DE P\u00d4STERES \u2013 GRUPO PI Local: P\u00e1tio do PDE \u2013 Programa de Desenvolvimento Educacional \u2013 CJ\/UENP Hor\u00e1rio: 8h \u00e0s 12h Banca examinadora da Apresenta\u00e7\u00e3o dos Trabalhos Ser\u00e1 divulgada por edital \u00a0 COMUNICA\u00c7\u00d5ES ORAIS\/OFICINAS \u2013 GRUPO [&hellip;]<\/p>\n","protected":false},"author":21,"featured_media":0,"parent":771,"menu_order":0,"comment_status":"closed","ping_status":"closed","template":"","meta":{"footnotes":""},"class_list":["post-1508","page","type-page","status-publish","hentry"],"_links":{"self":[{"href":"https:\/\/eventos.uenp.edu.br\/joresp\/wp-json\/wp\/v2\/pages\/1508","targetHints":{"allow":["GET"]}}],"collection":[{"href":"https:\/\/eventos.uenp.edu.br\/joresp\/wp-json\/wp\/v2\/pages"}],"about":[{"href":"https:\/\/eventos.uenp.edu.br\/joresp\/wp-json\/wp\/v2\/types\/page"}],"author":[{"embeddable":true,"href":"https:\/\/eventos.uenp.edu.br\/joresp\/wp-json\/wp\/v2\/users\/21"}],"replies":[{"embeddable":true,"href":"https:\/\/eventos.uenp.edu.br\/joresp\/wp-json\/wp\/v2\/comments?post=1508"}],"version-history":[{"count":4,"href":"https:\/\/eventos.uenp.edu.br\/joresp\/wp-json\/wp\/v2\/pages\/1508\/revisions"}],"predecessor-version":[{"id":1659,"href":"https:\/\/eventos.uenp.edu.br\/joresp\/wp-json\/wp\/v2\/pages\/1508\/revisions\/1659"}],"up":[{"embeddable":true,"href":"https:\/\/eventos.uenp.edu.br\/joresp\/wp-json\/wp\/v2\/pages\/771"}],"wp:attachment":[{"href":"https:\/\/eventos.uenp.edu.br\/joresp\/wp-json\/wp\/v2\/media?parent=1508"}],"curies":[{"name":"wp","href":"https:\/\/api.w.org\/{rel}","templated":true}]}}