
{"id":652,"date":"2022-11-23T09:07:14","date_gmt":"2022-11-23T12:07:14","guid":{"rendered":"https:\/\/eventos.uenp.edu.br\/conien\/?page_id=652"},"modified":"2023-11-08T16:01:43","modified_gmt":"2023-11-08T19:01:43","slug":"comissao-organizadora","status":"publish","type":"page","link":"https:\/\/eventos.uenp.edu.br\/conien\/ii-2019\/comissao-organizadora\/","title":{"rendered":"Comiss\u00f5es"},"content":{"rendered":"<div class=\"entry-content\">\n<p><strong><u>COORDENA\u00c7\u00c3O<\/u><\/strong><\/p>\n<ul>\n<li><strong>Coordenador Geral: <\/strong> Dr. Jo\u00e3o Coelho Neto \u2013 UENP Corn\u00e9lio Proc\u00f3pio<\/li>\n<li><strong>Vice Coordenador Geral: <\/strong> Dr. Lucken Bueno Lucas \u2013 UENP Corn\u00e9lio Proc\u00f3pio<\/li>\n<\/ul>\n<p>&nbsp;<\/p>\n<p><strong>COMISS\u00c3O ORGANIZADORA<\/strong><\/p>\n<ul>\n<li>Dra. Mar\u00edlia Bazan Blanco \u2013 UENP Corn\u00e9lio Proc\u00f3pio<\/li>\n<li>Dra. Marlize Spagolla Bernardelli \u2013 UENP Corn\u00e9lio Proc\u00f3pio<\/li>\n<li>Dra. Roberta Negr\u00e3o de Ara\u00fajo \u2013 UENP Corn\u00e9lio Proc\u00f3pio<\/li>\n<li>Dra. Simone Luccas \u2013 UENP Corn\u00e9lio Proc\u00f3pio<\/li>\n<li>Daniela Cabral M\u00f4nica \u2013 UENP Corn\u00e9lio Proc\u00f3pio<\/li>\n<li>Milena Sacardo<\/li>\n<li>Thaynara Aparecida Machado<\/li>\n<\/ul>\n<p>&nbsp;<\/p>\n<p><strong>COORDENADORES DE EIXOS TEM\u00c1TICOS<\/strong><\/p>\n<p>&nbsp;<\/p>\n<p><strong>1 \u2013 Desafios Educacionais Contempor\u00e2neos:\u00a0<\/strong>\u00a0pesquisas que contemplem Direitos Humanos, Educa\u00e7\u00e3o para a Paz, Combate \u00e0 viol\u00eancia, Sexualidade, G\u00eanero, e Educa\u00e7\u00e3o Ambiental.<\/p>\n<p><em>Profa. Dra. Roberta Negr\u00e3o de Ara\u00fajo (PPGEN\/UENP); Profa. Dra.\u00a0\u00a0Priscila Frasson\u00a0(PPGEN\/UENP) Prof. Dr. \u00a0Rodrigo de Souza Poletto\u00a0(PPGEN\/UENP)<\/em><\/p>\n<p><strong>2 \u2013 Ensino e Inclus\u00e3o:\u00a0<\/strong>\u00a0inclus\u00e3o de alunos com transtornos do neurodesenvolvimento ou com defici\u00eancia(s) no que tange ao atendimento educacional especializado e o ensino de conte\u00fados espec\u00edficos.<\/p>\n<p><em>Profa. Dra. Mar\u00edlia Bazan Blanco (PPGEN\/UENP);\u00a0 Prof. Dr. Jo\u00e3o Coelho Neto (PPGEN\/UENP)<\/em><\/p>\n<p><strong>3 \u2013 Ensino de Matem\u00e1tica:\u00a0<\/strong>\u00a0ensino e aprendizagem de Matem\u00e1tica na educa\u00e7\u00e3o b\u00e1sica (em suas tr\u00eas etapas) e no Ensino Superior.<\/p>\n<p><em>Profa. Dra. Simone Luccas (PPGEN\/UENP)<\/em><\/p>\n<p><strong>4 \u2013 Ensino de Ci\u00eancias Sociais:\u00a0\u00a0<\/strong>ensino e aprendizagem nas \u00e1reas de Ci\u00eancias Sociais e Ci\u00eancias Sociais Aplicadas.<\/p>\n<p><em>Prof. Dr. Carlos C\u00e9sar Garcia Freitas (PPGEN\/UENP)<\/em><\/p>\n<p><strong>5 \u2013 Ensino de Ci\u00eancias da Natureza:\u00a0<\/strong>ensino de Ci\u00eancias Naturais (educa\u00e7\u00e3o b\u00e1sica e ensino superior), rela\u00e7\u00e3o CTSA no processo de educa\u00e7\u00e3o cient\u00edfica, alfabetiza\u00e7\u00e3o cient\u00edfica.<\/p>\n<p><em>Profa. Dra.\u00a0\u00a0Priscila Frasson\u00a0(PPGEN\/UENP); Prof. Dr. \u00a0Rodrigo de Souza Poletto\u00a0(PPGEN\/UENP); Profa. Dra. Roberta Negr\u00e3o de Ara\u00fajo (PPGEN\/UENP)<\/em><\/p>\n<p><strong>6 \u2013 Espa\u00e7os n\u00e3o formais:\u00a0<\/strong>pesquisas nas diferentes \u00e1reas do conhecimento desenvolvidas em espa\u00e7os n\u00e3o formais (brinquedotecas, feiras, laborat\u00f3rios, museus, pra\u00e7as, entre outros).<\/p>\n<p><em>Prof. Dr. \u00a0Rodrigo de Souza Poletto\u00a0(PPGEN\/UENP)<\/em><\/p>\n<p><strong>7 \u2013\u00a0 Estudos da Linguagem:\u00a0<\/strong>pesquisas\u00a0no campo das Linguagens: ensino da l\u00edngua materna, de literatura, de l\u00edngua estrangeira moderna, da corporeidade e das artes.<\/p>\n<p><em>Profa. Dra. Maril\u00facia dos Santos Domingos Striquer (PPGEN\/UENP); Profa. Dra. Let\u00edcia Jovelina Storto\u00a0(PPGEN\/UENP); Profa. Dra. Eliana Merlin Deganutti de Barros (PPGEN\/UENP)<\/em><\/p>\n<p><strong>8 \u2013 Forma\u00e7\u00e3o de Professores:\u00a0<\/strong>\u00a0forma\u00e7\u00e3o inicial e continuada dos professores em diferentes perspectivas te\u00f3ricas.<\/p>\n<p><em>Profa. Dra. Roberta Negr\u00e3o de Ara\u00fajo (PPGEN\/UENP); Profa. Dra. Mar\u00edlia Bazan Blanco (PPGEN\/UENP)<\/em><\/p>\n<p><strong>9 \u2013 Avalia\u00e7\u00e3o:\u00a0\u00a0<\/strong>pesquisas que discutam teorias e pr\u00e1ticas avaliativas em diferentes perspectivas e\u00a0\u00a0modalidades.<\/p>\n<p><em>Profa. Dra. Simone Luccas (PPGEN\/UENP); Profa. Dra. Marlize Spagolla Bernardelli (PPGEN\/UENP)<\/em><\/p>\n<p><strong>10 \u2013 Tecnologias, m\u00eddias e ensino:\u00a0<\/strong>\u00a0utiliza\u00e7\u00e3o das novas tecnologias\u00a0nos processos de ensino e de aprendizagem (jogos eletr\u00f4nicos educacionais,\u00a0<em>softwares,\u00a0<\/em>recursos midi\u00e1ticos, entre outros).<\/p>\n<p><em>Profa. Dra. Selma dos Santos Rosa (UFPR, UENP\/PPGEN); Prof. Dr. Jo\u00e3o Coelho Neto (UENP\/PPGEN)<\/em><\/p>\n<p><strong>11 \u2013 Ensino em Sa\u00fade:\u00a0<\/strong>contempla estudos acerca do ensino para a \u00e1rea de Sa\u00fade.<\/p>\n<p><em>Profa. Dra.\u00a0Annecy Tojeiro Giordani (PPGEN\/UENP)<\/em><\/p>\n<p>&nbsp;<\/p>\n<p><strong><u>COMISS\u00c3O DE AVALIADORES<br \/>\n<\/u><\/strong><\/p>\n<ul>\n<li>Profa. Dra. Maria Alexandra de Oliveira Gomes\u00a0\u2013\u00a0Universidade do Minho \u2013 Portugal.<\/li>\n<li>Adriana de F\u00e1tima de Souza Miola<\/li>\n<li>Adriana Quiment\u00e3o Passos<\/li>\n<li>Alessandro Rolin Scholze<\/li>\n<li>Aline Balandis Costa<\/li>\n<li>Amanda Magnago Menon<\/li>\n<li>Ana Paula Gon\u00e7alves Arantes Gennari<\/li>\n<li>Ana Paula Zanin<\/li>\n<li>Ana Rita Levandovski<\/li>\n<li>Anderson Camatari Vilas<\/li>\n<li>Andr\u00e9 de Lima Taqui<\/li>\n<li>Andr\u00e9 Luis Menolli<\/li>\n<li>Andriele Coraiola De Souza<\/li>\n<li>Angela Meneghello Passos<\/li>\n<li>Ariel Cardoso da Silva<\/li>\n<li>Armando Paulo da Silva<\/li>\n<li>Arthur William De Brito Bergold<\/li>\n<li>Aryane Flauzino Machado<\/li>\n<li>B\u00e1rbara Nivalda Palharini Alvim Sousa Robim<\/li>\n<li>Beatriz Haas Delamuta<\/li>\n<li>Bianca de Oliveira Martins<\/li>\n<li>Bruna Larissa Ramalho Diniz<\/li>\n<li>Bruna de Souza Sene Barbosa<\/li>\n<li>Camila Dalcol<\/li>\n<li>Carla Catarina Silva<\/li>\n<li>Caroline Riberti Zaniboni<\/li>\n<li>Claudecir Paton<\/li>\n<li>Cl\u00e1udia Francisco Pelati Teixeira<\/li>\n<li>Daniele Conde Peres Resende<\/li>\n<li>Danielle Nunes Martins do Prado<\/li>\n<li>Dan\u00fabia Damiana Santos Bonfim<\/li>\n<li>David Pereira<\/li>\n<li>David Salvador Bruniera<\/li>\n<li>Diego Christian Lemes Chemin<\/li>\n<li>Diego Foga\u00e7a Carvalho<\/li>\n<li>Edinalva da Cruz Teixeira Sakai<\/li>\n<li>Edvanilson Santos de Oliveira<\/li>\n<li>Elaine Da Silva Machado<\/li>\n<li>Elaine Pasqualini<\/li>\n<li>Elaine Vieira Pinheiro<\/li>\n<li>Eliana Merlin Deganutti de Barros<\/li>\n<li>Enio De Lorena Stanzani<\/li>\n<li>Etiane Ortiz<\/li>\n<li>Eva Cristina Francisco<\/li>\n<li>Fabio Carlos Moreno<\/li>\n<li>Fabio Roberto Vicentin<\/li>\n<li>Felippe Guimar\u00e3es Maciel<\/li>\n<li>Ferdinando Vinicius Domenes Zapparoli<\/li>\n<li>Flaviane Pelloso Molina Freitas<\/li>\n<li>George Francisco Santiago Martin<\/li>\n<li>Henrique Cesar Estevan Ballestero<\/li>\n<li>Hugo Emmanuel da Rosa Corr\u00eaa<\/li>\n<li>In\u00eas Cardin Bressan<\/li>\n<li>Jacqueline Lidiane de Souza Prais<\/li>\n<li>Jakeline Semechechem<\/li>\n<li>Jayme Marrone J\u00fanior<\/li>\n<li>Jeferson Ferreti<\/li>\n<li>Jeferson Takeo Padoan Seki<\/li>\n<li>Jefferson Sussumu de Aguiar Hachiya<\/li>\n<li>Jo\u00e3o Coelho Neto<\/li>\n<li>Jo\u00e3o Marcos Machuca De Lima<\/li>\n<li>Jos\u00e9 Luiz Vieira de Oliveira<\/li>\n<li>Juliana Ferri<\/li>\n<li>Karen Regiane Soriano<\/li>\n<li>Karina Miranda D\u2019Ipp\u00f3lito Leite<\/li>\n<li>Kelly Fabricia Pereira Nogueira<\/li>\n<li>Khalil Oliveira Portugal<\/li>\n<li>Let\u00edcia Fernandes de Negreiros<\/li>\n<li>Leticia J. Storto<\/li>\n<li>Ligia Renata Rodrigues Tavares<\/li>\n<li>Lilian Aparecida Teixeira<\/li>\n<li>Lorena Dominique Vilela Freiberger<\/li>\n<li>Luciana Paula Vieira De Castro<\/li>\n<li>Luiz Eduardo de Ara\u00fajo<\/li>\n<li>Marcelo Val\u00e9rio<\/li>\n<li>Mariana Passos Dias<\/li>\n<li>Mariane Ocanha<\/li>\n<li>Mariany Layne de Souza<\/li>\n<li>Mar\u00edlia Bazan Blanco<\/li>\n<li>Marilucia dos Santos Domingos Striquer<\/li>\n<li>Marily Aparecida Benicio<\/li>\n<li>Miriam Cristina Covre De Souza<\/li>\n<li>Naiara Aparecida Ribeiro<\/li>\n<li>Nancy Nazareth Gatzke Corr\u00eaa<\/li>\n<li>Natalia Barbosa Ver\u00edssimo<\/li>\n<li>Natany Dayani De Souza Assai<\/li>\n<li>Neri de Souza Santana<\/li>\n<li>Nickson Moretti Jorge<\/li>\n<li>Patr\u00edcia Sandalo Pereira<\/li>\n<li>Patr\u00edcia Sandalo Pereira<\/li>\n<li>Paula da Silva Rissi<\/li>\n<li>Raimundo Tostes<\/li>\n<li>Roberta Negr\u00e3o de Ara\u00fajo<\/li>\n<li>Robertino Mendes Santiago Jr.<\/li>\n<li>Roberto Bondarik<\/li>\n<li>Rodrigo Clemente Thom de Souza<\/li>\n<li>Rodrigo de Souza Poletto<\/li>\n<li>Ronan Santana Dos Santos<\/li>\n<li>Sandra Rodrigues Leite<\/li>\n<li>Selma Santos Rosa<\/li>\n<li>S\u00e9rgio Batista Oliveira<\/li>\n<li>Sidney Lopes Sanchez Junior<\/li>\n<li>Susimeire Vivien Rosotti de Andrade<\/li>\n<li>T\u00e2nia Regina Montanha Toledo Scoparo<\/li>\n<li>Thayane France Pereira<\/li>\n<li>Valdir Rosa<\/li>\n<li>Val\u00e9ria Rosa Farto Lopes<\/li>\n<li>Vanessa Largo Andrade<\/li>\n<li>V\u00e2nia Regina Barbosa Flauzino Machado<\/li>\n<li>Vera Adriana Huang Azevedo Hypolito<\/li>\n<li>Wellington Hermann<\/li>\n<li>Willian Damin<\/li>\n<li>Willian Junior do Nascimento<\/li>\n<\/ul>\n<p>&nbsp;<\/p>\n<ul>\n<li><strong><u><b>EIXOS TEM\u00c1TICOS:<\/b><\/u><\/strong>\u00a0Desafios Educacionais Contempor\u00e2neos \/ Ensino e Inclus\u00e3o\/ Ensino de Matem\u00e1tica\/ Ensino de Ci\u00eancias Sociais\/ Ensino de Ci\u00eancias da Natureza \/ Espa\u00e7os n\u00e3o formais \/ Estudos da Linguagem \/ Forma\u00e7\u00e3o de Professores\/\u00a0Avalia\u00e7\u00e3o \/ Tecnologias, m\u00eddias e ensino \/ Ensino em Sa\u00fade.<\/li>\n<\/ul>\n<p><strong>II CONIEN 2019<\/strong><\/p>\n<p><strong>ISSN: 2526-8899<\/strong><\/p>\n<\/div>\n","protected":false},"excerpt":{"rendered":"","protected":false},"author":1,"featured_media":0,"parent":631,"menu_order":0,"comment_status":"closed","ping_status":"closed","template":"","meta":{"footnotes":""},"class_list":["post-652","page","type-page","status-publish","hentry"],"_links":{"self":[{"href":"https:\/\/eventos.uenp.edu.br\/conien\/wp-json\/wp\/v2\/pages\/652","targetHints":{"allow":["GET"]}}],"collection":[{"href":"https:\/\/eventos.uenp.edu.br\/conien\/wp-json\/wp\/v2\/pages"}],"about":[{"href":"https:\/\/eventos.uenp.edu.br\/conien\/wp-json\/wp\/v2\/types\/page"}],"author":[{"embeddable":true,"href":"https:\/\/eventos.uenp.edu.br\/conien\/wp-json\/wp\/v2\/users\/1"}],"replies":[{"embeddable":true,"href":"https:\/\/eventos.uenp.edu.br\/conien\/wp-json\/wp\/v2\/comments?post=652"}],"version-history":[{"count":3,"href":"https:\/\/eventos.uenp.edu.br\/conien\/wp-json\/wp\/v2\/pages\/652\/revisions"}],"predecessor-version":[{"id":734,"href":"https:\/\/eventos.uenp.edu.br\/conien\/wp-json\/wp\/v2\/pages\/652\/revisions\/734"}],"up":[{"embeddable":true,"href":"https:\/\/eventos.uenp.edu.br\/conien\/wp-json\/wp\/v2\/pages\/631"}],"wp:attachment":[{"href":"https:\/\/eventos.uenp.edu.br\/conien\/wp-json\/wp\/v2\/media?parent=652"}],"curies":[{"name":"wp","href":"https:\/\/api.w.org\/{rel}","templated":true}]}}